{"id":9068,"date":"2024-10-31T12:09:25","date_gmt":"2024-10-31T12:09:25","guid":{"rendered":"https:\/\/catedra-alberto-benveniste.org\/homepage\/"},"modified":"2024-12-12T17:11:27","modified_gmt":"2024-12-12T17:11:27","slug":"homepage","status":"publish","type":"page","link":"https:\/\/catedra-alberto-benveniste.org\/en\/","title":{"rendered":"Homepage"},"content":{"rendered":"<div class=\"kb-row-layout-wrap kb-row-layout-id9068_0024fe-37 alignnone homepage  wp-block-kadence-rowlayout\"><div class=\"kt-row-column-wrap kt-has-1-columns kt-row-layout-equal kt-tab-layout-inherit kt-mobile-layout-row kt-row-valign-top kb-theme-content-width\">\n\n<div class=\"wp-block-kadence-column kadence-column9068_b4acae-c4\"><div class=\"kt-inside-inner-col\"><div class=\"kb-row-layout-wrap kb-row-layout-id9068_fbb0b2-b9 alignnone wp-block-kadence-rowlayout\"><div class=\"kt-row-column-wrap kt-has-1-columns kt-row-layout-equal kt-tab-layout-inherit kt-mobile-layout-row kt-row-valign-top\">\n\n<div class=\"wp-block-kadence-column kadence-column9068_8509e4-e6\"><div class=\"kt-inside-inner-col\">\n<div class=\"wp-block-query queryLoop-1Column is-layout-flow wp-block-query-is-layout-flow\"><ul class=\"alignfull wp-block-post-template is-layout-flow wp-container-core-post-template-is-layout-726c4694 wp-block-post-template-is-layout-flow\"><li class=\"wp-block-post post-11082 post type-post status-publish format-standard has-post-thumbnail hentry category-noticias-en\">\n<div class=\"kb-row-layout-wrap kb-row-layout-id9068_dc25a5-b5 alignnone wp-block-kadence-rowlayout\"><div class=\"kt-row-column-wrap kt-has-2-columns kt-row-layout-right-golden kt-tab-layout-inherit kt-mobile-layout-row kt-row-valign-top\">\n\n<div class=\"wp-block-kadence-column kadence-column9068_f4a046-83\"><div class=\"kt-inside-inner-col\"><figure class=\"justifySelf_start wp-block-post-featured-image\"><a href=\"https:\/\/catedra-alberto-benveniste.org\/en\/public-presentation-of-a-new-cesab-edition\/\" target=\"_self\"  ><img loading=\"lazy\" decoding=\"async\" width=\"2250\" height=\"2813\" src=\"https:\/\/catedra-alberto-benveniste.org\/wp-content\/uploads\/2026\/04\/convite-Clusius-6maio20261.jpg\" class=\"attachment-post-thumbnail size-post-thumbnail wp-post-image\" alt=\"Public presentation of a new CESAB edition\" style=\"object-fit:contain;\" \/><\/a><\/figure><\/div><\/div>\n\n\n\n<div class=\"wp-block-kadence-column kadence-column9068_ad13ef-8a\"><div class=\"kt-inside-inner-col\"><h1 class=\"wp-block-post-title\"><a href=\"https:\/\/catedra-alberto-benveniste.org\/en\/public-presentation-of-a-new-cesab-edition\/\" target=\"_self\" >Public presentation of a new CESAB edition<\/a><\/h1>\n\n\n<div style=\"height:0.5rem\" aria-hidden=\"true\" class=\"wp-block-spacer\"><\/div>\n\n\n<div class=\"wp-block-post-excerpt\"><p class=\"wp-block-post-excerpt__excerpt\">CESAB invites all interested parties to join us for the public presentation of its most recent publication. Volume 6 of our Usque Collection consists of an edition of the work by Carolus Clusius (1525\u20131609), entitled Alguns coment\u00e1rios \u00e0 \u201cDescri\u00e7\u00e3o das Especiarias\u201d de Garcia de Orta. Edited by Rui Manuel Loureiro,&hellip; <\/p><\/div><\/div><\/div>\n\n<\/div><\/div>\n<\/li><\/ul><\/div>\n\n\n\n<div style=\"height:3rem\" aria-hidden=\"true\" class=\"wp-block-spacer\"><\/div>\n\n\n\n<div class=\"wp-block-query queryLoop-4Column is-layout-flow wp-block-query-is-layout-flow\"><ul class=\"columns-4 alignfull wp-block-post-template is-layout-grid wp-container-core-post-template-is-layout-0eac9162 wp-block-post-template-is-layout-grid\"><li class=\"wp-block-post post-11065 post type-post status-publish format-standard has-post-thumbnail hentry category-noticias-en\">\n<figure class=\"wp-block-post-featured-image\"><a href=\"https:\/\/catedra-alberto-benveniste.org\/en\/a-new-researcher-at-cesab\/\" target=\"_self\"  ><img loading=\"lazy\" decoding=\"async\" width=\"700\" height=\"841\" src=\"https:\/\/catedra-alberto-benveniste.org\/wp-content\/uploads\/2026\/04\/F.-Pancorbo.jpeg\" class=\"attachment-post-thumbnail size-post-thumbnail wp-post-image\" alt=\"A new researcher at CESAB\" style=\"object-fit:cover;\" \/><\/a><\/figure>\n\n\n<div style=\"height:0.5rem\" aria-hidden=\"true\" class=\"wp-block-spacer\"><\/div>\n\n\n<h2 class=\"wp-block-post-title\"><a href=\"https:\/\/catedra-alberto-benveniste.org\/en\/a-new-researcher-at-cesab\/\" target=\"_self\" >A new researcher at CESAB<\/a><\/h2>\n\n\n<div style=\"height:0.3rem\" aria-hidden=\"true\" class=\"wp-block-spacer\"><\/div>\n\n\n<div class=\"wp-block-post-excerpt\"><p class=\"wp-block-post-excerpt__excerpt\">CESAB welcomes Fernando Pancorbo! The Centre\u2019s newest researcher holds a PhD in Sephardic Studies from the Universit\u00e4t Basel (Switzerland) and is a&hellip; <\/p><\/div>\n<\/li><li class=\"wp-block-post post-11056 post type-post status-publish format-standard has-post-thumbnail hentry category-noticias-en\">\n<figure class=\"wp-block-post-featured-image\"><a href=\"https:\/\/catedra-alberto-benveniste.org\/en\/international-workshop-at-yale-university\/\" target=\"_self\"  ><img loading=\"lazy\" decoding=\"async\" width=\"900\" height=\"1273\" src=\"https:\/\/catedra-alberto-benveniste.org\/wp-content\/uploads\/2026\/04\/Mobility-Migration-and-Belonging-cartaz-RGB.jpg\" class=\"attachment-post-thumbnail size-post-thumbnail wp-post-image\" alt=\"International Workshop at Yale University\" style=\"object-fit:cover;\" \/><\/a><\/figure>\n\n\n<div style=\"height:0.5rem\" aria-hidden=\"true\" class=\"wp-block-spacer\"><\/div>\n\n\n<h2 class=\"wp-block-post-title\"><a href=\"https:\/\/catedra-alberto-benveniste.org\/en\/international-workshop-at-yale-university\/\" target=\"_self\" >International Workshop at Yale University<\/a><\/h2>\n\n\n<div style=\"height:0.3rem\" aria-hidden=\"true\" class=\"wp-block-spacer\"><\/div>\n\n\n<div class=\"wp-block-post-excerpt\"><p class=\"wp-block-post-excerpt__excerpt\">As a result of a partnership between CESAB, CHAM \u2013 Centre for the Humanities (NOVA-FCSH), and the Yale Program in Jewish Studies,&hellip; <\/p><\/div>\n<\/li><li class=\"wp-block-post post-11020 post type-post status-publish format-standard has-post-thumbnail hentry category-noticias-en\">\n<figure class=\"wp-block-post-featured-image\"><a href=\"https:\/\/catedra-alberto-benveniste.org\/en\/commemoration-of-the-fifth-centenary-of-the-marriage-of-infanta-isabel-ofportugal-and-emperor-charles-v\/\" target=\"_self\"  ><img loading=\"lazy\" decoding=\"async\" width=\"600\" height=\"727\" src=\"https:\/\/catedra-alberto-benveniste.org\/wp-content\/uploads\/2026\/04\/Isabella_of_Portugal-1.jpg\" class=\"attachment-post-thumbnail size-post-thumbnail wp-post-image\" alt=\"Commemoration of the Fifth Centenary of the Marriage of Infanta Isabel of Portugal and Emperor Charles V\" style=\"object-fit:cover;\" \/><\/a><\/figure>\n\n\n<div style=\"height:0.5rem\" aria-hidden=\"true\" class=\"wp-block-spacer\"><\/div>\n\n\n<h2 class=\"wp-block-post-title\"><a href=\"https:\/\/catedra-alberto-benveniste.org\/en\/commemoration-of-the-fifth-centenary-of-the-marriage-of-infanta-isabel-ofportugal-and-emperor-charles-v\/\" target=\"_self\" >Commemoration of the Fifth Centenary of the Marriage of Infanta Isabel of Portugal and Emperor Charles V<\/a><\/h2>\n\n\n<div style=\"height:0.3rem\" aria-hidden=\"true\" class=\"wp-block-spacer\"><\/div>\n\n\n<div class=\"wp-block-post-excerpt\"><p class=\"wp-block-post-excerpt__excerpt\">CESAB is part of the Honorary Committee of the Program Commemorating the Fifth Centenary of the Marriage of Infanta Isabel of Portugal&hellip; <\/p><\/div>\n<\/li><li class=\"wp-block-post post-11032 post type-post status-publish format-standard has-post-thumbnail hentry category-noticias-en\">\n<figure class=\"wp-block-post-featured-image\"><a href=\"https:\/\/catedra-alberto-benveniste.org\/en\/posthumous-work-by-herman-p-salomonobra-postuma-de-herman-p-salomon\/\" target=\"_self\"  ><img loading=\"lazy\" decoding=\"async\" width=\"700\" height=\"978\" src=\"https:\/\/catedra-alberto-benveniste.org\/wp-content\/uploads\/2026\/04\/03-Falsidade-do-Pde-Vieira-Convencida-correcoes-capa-10out2025-1-1.jpg\" class=\"attachment-post-thumbnail size-post-thumbnail wp-post-image\" alt=\"Posthumous Work by Herman P. SalomonObra P\u00f3stuma de Herman P. Salomon\" style=\"object-fit:cover;\" \/><\/a><\/figure>\n\n\n<div style=\"height:0.5rem\" aria-hidden=\"true\" class=\"wp-block-spacer\"><\/div>\n\n\n<h2 class=\"wp-block-post-title\"><a href=\"https:\/\/catedra-alberto-benveniste.org\/en\/posthumous-work-by-herman-p-salomonobra-postuma-de-herman-p-salomon\/\" target=\"_self\" >Posthumous Work by Herman P. SalomonObra P\u00f3stuma de Herman P. Salomon<\/a><\/h2>\n\n\n<div style=\"height:0.3rem\" aria-hidden=\"true\" class=\"wp-block-spacer\"><\/div>\n\n\n<div class=\"wp-block-post-excerpt\"><p class=\"wp-block-post-excerpt__excerpt\">The posthumous work by Herman P. Salomon, in collaboration with Jo\u00e3o F\u00e9lix Almeida and Ant\u00f3nio Guimar\u00e3es Pinto, Falsidade do Padre Vieira Convencida,&hellip; <\/p><\/div>\n<\/li><\/ul><\/div>\n\n\n\n<div style=\"height:3rem\" aria-hidden=\"true\" class=\"wp-block-spacer\"><\/div>\n\n\n\n<h3 class=\"wp-block-heading has-text-align-center\"><a href=\"https:\/\/catedra-alberto-benveniste.org\/en\/noticias\/\">more activities<\/a><\/h3>\n<\/div><\/div>\n\n<\/div><\/div>\n\n\n<div style=\"height:6rem\" aria-hidden=\"true\" class=\"wp-block-spacer\"><\/div>\n\n\n<div class=\"kb-row-layout-wrap kb-row-layout-id9068_d268e9-65 alignnone wp-block-kadence-rowlayout\"><div class=\"kt-row-column-wrap kt-has-1-columns kt-row-layout-equal kt-tab-layout-inherit kt-mobile-layout-row kt-row-valign-top\">\n\n<div class=\"wp-block-kadence-column kadence-column9068_2658c1-2a\"><div class=\"kt-inside-inner-col\"><div class=\"kb-row-layout-wrap kb-row-layout-id9068_b786e8-a4 alignnone wp-block-kadence-rowlayout\"><div class=\"kt-row-column-wrap kt-has-2-columns kt-row-layout-left-golden kt-tab-layout-inherit kt-mobile-layout-row kt-row-valign-top\">\n\n<div class=\"wp-block-kadence-column kadence-column9068_0b9ac6-10\"><div class=\"kt-inside-inner-col\">\n<figure class=\"wp-block-image size-full is-resized\"><img loading=\"lazy\" decoding=\"async\" width=\"1026\" height=\"432\" src=\"https:\/\/catedra-alberto-benveniste.org\/wp-content\/uploads\/2024\/11\/hero-biblioteca.png\" alt=\"\" class=\"wp-image-6045\" style=\"width:auto;height:528px\" srcset=\"https:\/\/catedra-alberto-benveniste.org\/wp-content\/uploads\/2024\/11\/hero-biblioteca.png 1026w, https:\/\/catedra-alberto-benveniste.org\/wp-content\/uploads\/2024\/11\/hero-biblioteca-300x126.png 300w, https:\/\/catedra-alberto-benveniste.org\/wp-content\/uploads\/2024\/11\/hero-biblioteca-1024x431.png 1024w, https:\/\/catedra-alberto-benveniste.org\/wp-content\/uploads\/2024\/11\/hero-biblioteca-768x323.png 768w\" sizes=\"auto, (max-width: 1026px) 100vw, 1026px\" \/><\/figure>\n<\/div><\/div>\n\n\n\n<div class=\"wp-block-kadence-column kadence-column9068_53ea4b-77\"><div class=\"kt-inside-inner-col\">\n<p>The Alberto Benveniste Library is located at the Faculdade de Letras da Universidade de Lisboa. Our collections are available on site and by appointment only. If you wish to visit us, please contact us via the e-mail address cesab@letras.ulisboa.pt to book your visit.  <\/p>\n\n\n\n<div class=\"wp-block-buttons is-layout-flex wp-block-buttons-is-layout-flex\">\n<div class=\"wp-block-button\"><a class=\"wp-block-button__link wp-element-button\" href=\"https:\/\/catedra-alberto-benveniste.org\/en\/biblioteca\/\">search library<\/a><\/div>\n<\/div>\n<\/div><\/div>\n\n<\/div><\/div><\/div><\/div>\n\n<\/div><\/div>\n\n\n<div style=\"height:6rem\" aria-hidden=\"true\" class=\"wp-block-spacer\"><\/div>\n\n\n<div class=\"kb-row-layout-wrap kb-row-layout-id9068_c1bf4a-5c alignnone wp-block-kadence-rowlayout\"><div class=\"kt-row-column-wrap kt-has-1-columns kt-row-layout-equal kt-tab-layout-inherit kt-mobile-layout-row kt-row-valign-top\">\n\n<div class=\"wp-block-kadence-column kadence-column9068_0419db-90\"><div class=\"kt-inside-inner-col\"><div class=\"kb-row-layout-wrap kb-row-layout-id9068_f643b5-ed alignnone wp-block-kadence-rowlayout\"><div class=\"kt-row-column-wrap kt-has-2-columns kt-row-layout-equal kt-tab-layout-inherit kt-mobile-layout-row kt-row-valign-top\">\n\n<div class=\"wp-block-kadence-column kadence-column9068_6fd121-4d\"><div class=\"kt-inside-inner-col\">\n<figure class=\"wp-block-image size-full\"><a href=\"cadernos-de-estudos-sefarditas\"><img loading=\"lazy\" decoding=\"async\" width=\"700\" height=\"700\" src=\"https:\/\/catedra-alberto-benveniste.org\/wp-content\/uploads\/2024\/11\/edicoes-cadernos.jpg\" alt=\"\" class=\"wp-image-6046\" srcset=\"https:\/\/catedra-alberto-benveniste.org\/wp-content\/uploads\/2024\/11\/edicoes-cadernos.jpg 700w, https:\/\/catedra-alberto-benveniste.org\/wp-content\/uploads\/2024\/11\/edicoes-cadernos-300x300.jpg 300w, https:\/\/catedra-alberto-benveniste.org\/wp-content\/uploads\/2024\/11\/edicoes-cadernos-150x150.jpg 150w\" sizes=\"auto, (max-width: 700px) 100vw, 700px\" \/><\/a><\/figure>\n\n\n\n<p>Cadernos de Estudos Sefarditas is a biannual peer-reviewed journal, which is indexed to the international databases Latindex, Qualis\/CAPES, WorldCat and Atla Religion Database.<\/p>\n<\/div><\/div>\n\n\n\n<div class=\"wp-block-kadence-column kadence-column9068_1c5ca0-60\"><div class=\"kt-inside-inner-col\">\n<figure class=\"wp-block-image size-full\"><a href=\"colecao-usque\"><img loading=\"lazy\" decoding=\"async\" width=\"698\" height=\"700\" src=\"https:\/\/catedra-alberto-benveniste.org\/wp-content\/uploads\/2024\/11\/edicoes-usque.jpg\" alt=\"\" class=\"wp-image-6049\" srcset=\"https:\/\/catedra-alberto-benveniste.org\/wp-content\/uploads\/2024\/11\/edicoes-usque.jpg 698w, https:\/\/catedra-alberto-benveniste.org\/wp-content\/uploads\/2024\/11\/edicoes-usque-300x300.jpg 300w, https:\/\/catedra-alberto-benveniste.org\/wp-content\/uploads\/2024\/11\/edicoes-usque-150x150.jpg 150w\" sizes=\"auto, (max-width: 698px) 100vw, 698px\" \/><\/a><\/figure>\n\n\n\n<p>Usque is a name that invokes the diaspora. Samuel, the author of Consolation for the Tribulations of Israel. Abraham, the printer of this masterpiece of Sephardic culture in exile that has become an inspiration. The Usque Collection is a CESAB editorial project dedicated to the critical edition of sources that are key to the knowledge of the multifaceted Sephardic Diaspora.   <\/p>\n<\/div><\/div>\n\n<\/div><\/div>\n\n\n<div style=\"height:2rem\" aria-hidden=\"true\" class=\"wp-block-spacer\"><\/div>\n\n\n<div class=\"kb-row-layout-wrap kb-row-layout-id9068_0b5b91-ba alignnone wp-block-kadence-rowlayout\"><div class=\"kt-row-column-wrap kt-has-2-columns kt-row-layout-equal kt-tab-layout-inherit kt-mobile-layout-row kt-row-valign-top\">\n\n<div class=\"wp-block-kadence-column kadence-column9068_8c325c-d3\"><div class=\"kt-inside-inner-col\">\n<figure class=\"wp-block-image size-full\"><a href=\"serie-monografica\"><img loading=\"lazy\" decoding=\"async\" width=\"700\" height=\"700\" src=\"https:\/\/catedra-alberto-benveniste.org\/wp-content\/uploads\/2024\/11\/edicoes-monograf.jpg\" alt=\"\" class=\"wp-image-6047\" srcset=\"https:\/\/catedra-alberto-benveniste.org\/wp-content\/uploads\/2024\/11\/edicoes-monograf.jpg 700w, https:\/\/catedra-alberto-benveniste.org\/wp-content\/uploads\/2024\/11\/edicoes-monograf-300x300.jpg 300w, https:\/\/catedra-alberto-benveniste.org\/wp-content\/uploads\/2024\/11\/edicoes-monograf-150x150.jpg 150w\" sizes=\"auto, (max-width: 700px) 100vw, 700px\" \/><\/a><\/figure>\n\n\n\n<p>The Monographic Series Alberto Benveniste publishes monographs on the Sephardic diaspora, the Iberian Jewish communities, and other related subjects, as well as collective works resulting from the scientific activities organised by CESAB or in partnership with other research centres in Portugal and abroad.<\/p>\n<\/div><\/div>\n\n\n\n<div class=\"wp-block-kadence-column kadence-column9068_e54bc7-c1\"><div class=\"kt-inside-inner-col\">\n<figure class=\"wp-block-image size-full\"><a href=\"newsletter-cesab\"><img loading=\"lazy\" decoding=\"async\" width=\"700\" height=\"700\" src=\"https:\/\/catedra-alberto-benveniste.org\/wp-content\/uploads\/2024\/11\/edicoes-newsletter.jpg\" alt=\"\" class=\"wp-image-6048\" srcset=\"https:\/\/catedra-alberto-benveniste.org\/wp-content\/uploads\/2024\/11\/edicoes-newsletter.jpg 700w, https:\/\/catedra-alberto-benveniste.org\/wp-content\/uploads\/2024\/11\/edicoes-newsletter-300x300.jpg 300w, https:\/\/catedra-alberto-benveniste.org\/wp-content\/uploads\/2024\/11\/edicoes-newsletter-150x150.jpg 150w\" sizes=\"auto, (max-width: 700px) 100vw, 700px\" \/><\/a><\/figure>\n\n\n\n<p>The CESAB newsletter is an information bulletin about the activities and projects developed by the C\u00e1tedra de Estudos Sefarditas Alberto Benveniste. In its pages, we also publicise the most recent editions, as well as the initiatives in which the researchers of the centre took part or organised. <\/p>\n<\/div><\/div>\n\n<\/div><\/div>\n\n\n<div style=\"height:3rem\" aria-hidden=\"true\" class=\"wp-block-spacer\"><\/div>\n\n\n\n<h3 class=\"wp-block-heading has-text-align-center\"><a href=\"https:\/\/catedra-alberto-benveniste.org\/en\/edicoes\/\">cesab editions<\/a><\/h3>\n<\/div><\/div>\n\n<\/div><\/div>\n\n\n<div style=\"height:6rem\" aria-hidden=\"true\" class=\"wp-block-spacer\"><\/div>\n\n\n<div class=\"kb-row-layout-wrap kb-row-layout-id9068_7ee2a3-22 alignnone wp-block-kadence-rowlayout\"><div class=\"kt-row-column-wrap kt-has-1-columns kt-row-layout-equal kt-tab-layout-inherit kt-mobile-layout-row kt-row-valign-top\">\n\n<div class=\"wp-block-kadence-column kadence-column9068_d59acd-b8\"><div class=\"kt-inside-inner-col\">\n<div class=\"wp-block-query queryLoop-3Column is-layout-flow wp-block-query-is-layout-flow\"><ul class=\"columns-3 alignfull wp-block-post-template is-layout-grid wp-container-core-post-template-is-layout-2d080239 wp-block-post-template-is-layout-grid\"><li class=\"wp-block-post post-9513 post type-post status-publish format-standard has-post-thumbnail hentry category-projectos-en\">\n<figure class=\"wp-block-post-featured-image\"><a href=\"https:\/\/catedra-alberto-benveniste.org\/en\/raizes-as-origens-portuguesas-das-elites-sefarditas-norte-americanas-secs-xvii-xviii\/\" target=\"_self\"  ><img loading=\"lazy\" decoding=\"async\" width=\"450\" height=\"450\" src=\"https:\/\/catedra-alberto-benveniste.org\/wp-content\/uploads\/2024\/11\/proj-raizes.png\" class=\"attachment-post-thumbnail size-post-thumbnail wp-post-image\" alt=\"Ra\u00edzes: as origens portuguesas das elites sefarditas Norte-Americanas (s\u00e9cs. XVII-XVIII)\" style=\"object-fit:cover;\" srcset=\"https:\/\/catedra-alberto-benveniste.org\/wp-content\/uploads\/2024\/11\/proj-raizes.png 450w, https:\/\/catedra-alberto-benveniste.org\/wp-content\/uploads\/2024\/11\/proj-raizes-300x300.png 300w, https:\/\/catedra-alberto-benveniste.org\/wp-content\/uploads\/2024\/11\/proj-raizes-150x150.png 150w\" sizes=\"auto, (max-width: 450px) 100vw, 450px\" \/><\/a><\/figure>\n\n\n<div style=\"height:0.5rem\" aria-hidden=\"true\" class=\"wp-block-spacer\"><\/div>\n\n\n<h2 class=\"wp-block-post-title\"><a href=\"https:\/\/catedra-alberto-benveniste.org\/en\/raizes-as-origens-portuguesas-das-elites-sefarditas-norte-americanas-secs-xvii-xviii\/\" target=\"_self\" >Ra\u00edzes: as origens portuguesas das elites sefarditas Norte-Americanas (s\u00e9cs. XVII-XVIII)<\/a><\/h2>\n\n\n<div style=\"height:0.3rem\" aria-hidden=\"true\" class=\"wp-block-spacer\"><\/div>\n\n\n<div class=\"wp-block-post-excerpt\"><p class=\"wp-block-post-excerpt__excerpt\">Ra\u00edzes \u00e9 uma plataforma online que visa a partilha de materiais e ferramentas de trabalho (documenta\u00e7\u00e3o, bibliografias, notas biogr\u00e1ficas, instrumentos de pesquisa, genealogias, etc.) sobre as fam\u00edlias portugueses que protagonizaram a Di\u00e1spora Sefardita para a Am\u00e9rica do Norte nos s\u00e9culos XVII e XVIII. <\/p><\/div>\n<\/li><li class=\"wp-block-post post-9515 post type-post status-publish format-standard has-post-thumbnail hentry category-projectos-en\">\n<figure class=\"wp-block-post-featured-image\"><a href=\"https:\/\/catedra-alberto-benveniste.org\/en\/projecto-praying-to-the-god-of-israel\/\" target=\"_self\"  ><img loading=\"lazy\" decoding=\"async\" width=\"450\" height=\"450\" src=\"https:\/\/catedra-alberto-benveniste.org\/wp-content\/uploads\/2024\/11\/proj-praying.png\" class=\"attachment-post-thumbnail size-post-thumbnail wp-post-image\" alt=\"Praying to the God of Israel\" style=\"object-fit:cover;\" srcset=\"https:\/\/catedra-alberto-benveniste.org\/wp-content\/uploads\/2024\/11\/proj-praying.png 450w, https:\/\/catedra-alberto-benveniste.org\/wp-content\/uploads\/2024\/11\/proj-praying-300x300.png 300w, https:\/\/catedra-alberto-benveniste.org\/wp-content\/uploads\/2024\/11\/proj-praying-150x150.png 150w\" sizes=\"auto, (max-width: 450px) 100vw, 450px\" \/><\/a><\/figure>\n\n\n<div style=\"height:0.5rem\" aria-hidden=\"true\" class=\"wp-block-spacer\"><\/div>\n\n\n<h2 class=\"wp-block-post-title\"><a href=\"https:\/\/catedra-alberto-benveniste.org\/en\/projecto-praying-to-the-god-of-israel\/\" target=\"_self\" >Praying to the God of Israel<\/a><\/h2>\n\n\n<div style=\"height:0.3rem\" aria-hidden=\"true\" class=\"wp-block-spacer\"><\/div>\n\n\n<div class=\"wp-block-post-excerpt\"><p class=\"wp-block-post-excerpt__excerpt\">Praying to the God of Israel according to the Portuguese Tradition (16th-18th centuries) is a project funded by the C\u00e1tedra de Estudos Sefarditas Alberto Benveniste in collaboration with the Universidad Finis Terrae (Santiago de Chile). The project has been underway since 2020 by the researchers Ignacio Chuecas Sald\u00edas and Susana&hellip; <\/p><\/div>\n<\/li><li class=\"wp-block-post post-9514 post type-post status-publish format-standard has-post-thumbnail hentry category-projectos-en\">\n<figure class=\"wp-block-post-featured-image\"><a href=\"https:\/\/catedra-alberto-benveniste.org\/en\/projecto-moncoes\/\" target=\"_self\"  ><img loading=\"lazy\" decoding=\"async\" width=\"655\" height=\"631\" src=\"https:\/\/catedra-alberto-benveniste.org\/wp-content\/uploads\/2024\/11\/moncoes.png\" class=\"attachment-post-thumbnail size-post-thumbnail wp-post-image\" alt=\"Project Monsoons\" style=\"object-fit:cover;\" \/><\/a><\/figure>\n\n\n<div style=\"height:0.5rem\" aria-hidden=\"true\" class=\"wp-block-spacer\"><\/div>\n\n\n<h2 class=\"wp-block-post-title\"><a href=\"https:\/\/catedra-alberto-benveniste.org\/en\/projecto-moncoes\/\" target=\"_self\" >Project Monsoons<\/a><\/h2>\n\n\n<div style=\"height:0.3rem\" aria-hidden=\"true\" class=\"wp-block-spacer\"><\/div>\n\n\n<div class=\"wp-block-post-excerpt\"><p class=\"wp-block-post-excerpt__excerpt\">O projecto Mon\u00e7\u00f5es \u2013 Crist\u00e3os-novos, judeus e condenados por juda\u00edsmo na Inquisi\u00e7\u00e3o de Goa procura resgatar as experi\u00eancias individuais e colectivas&#8230; <\/p><\/div>\n<\/li><\/ul><\/div>\n\n\n\n<div style=\"height:3rem\" aria-hidden=\"true\" class=\"wp-block-spacer\"><\/div>\n\n\n\n<h3 class=\"wp-block-heading has-text-align-center\"><a href=\"https:\/\/catedra-alberto-benveniste.org\/en\/projectos\/\">Ongoing and past projects<\/a><\/h3>\n<\/div><\/div>\n\n<\/div><\/div><\/div><\/div>\n\n<\/div><\/div>","protected":false},"excerpt":{"rendered":"<p>more activities The Alberto Benveniste Library is located at the Faculdade de Letras da Universidade de Lisboa. Our collections are available on site and by appointment only. If you wish to visit us, please contact us via the e-mail address cesab@letras.ulisboa.pt to book your visit. Cadernos de Estudos Sefarditas is a biannual peer-reviewed journal, which [&hellip;]<\/p>\n","protected":false},"author":1,"featured_media":0,"parent":0,"menu_order":0,"comment_status":"closed","ping_status":"closed","template":"","meta":{"footnotes":""},"class_list":["post-9068","page","type-page","status-publish","hentry"],"_links":{"self":[{"href":"https:\/\/catedra-alberto-benveniste.org\/en\/wp-json\/wp\/v2\/pages\/9068","targetHints":{"allow":["GET"]}}],"collection":[{"href":"https:\/\/catedra-alberto-benveniste.org\/en\/wp-json\/wp\/v2\/pages"}],"about":[{"href":"https:\/\/catedra-alberto-benveniste.org\/en\/wp-json\/wp\/v2\/types\/page"}],"author":[{"embeddable":true,"href":"https:\/\/catedra-alberto-benveniste.org\/en\/wp-json\/wp\/v2\/users\/1"}],"replies":[{"embeddable":true,"href":"https:\/\/catedra-alberto-benveniste.org\/en\/wp-json\/wp\/v2\/comments?post=9068"}],"version-history":[{"count":8,"href":"https:\/\/catedra-alberto-benveniste.org\/en\/wp-json\/wp\/v2\/pages\/9068\/revisions"}],"predecessor-version":[{"id":10551,"href":"https:\/\/catedra-alberto-benveniste.org\/en\/wp-json\/wp\/v2\/pages\/9068\/revisions\/10551"}],"wp:attachment":[{"href":"https:\/\/catedra-alberto-benveniste.org\/en\/wp-json\/wp\/v2\/media?parent=9068"}],"curies":[{"name":"wp","href":"https:\/\/api.w.org\/{rel}","templated":true}]}}